{"id":278,"date":"2024-04-16T09:21:44","date_gmt":"2024-04-16T07:21:44","guid":{"rendered":"http:\/\/simonaweber.com\/?post_type=projekt&#038;p=278"},"modified":"2024-04-18T01:21:27","modified_gmt":"2024-04-17T23:21:27","slug":"fakulteta-za-vede-o-zdravju","status":"publish","type":"projekt","link":"https:\/\/simonaweber.com\/en\/projekt\/fakulteta-za-vede-o-zdravju\/","title":{"rendered":"Faculty of Health Sciences"},"content":{"rendered":"<p>Zasnova stavbe predstavlja preplet sodobne arhitekture in krajine, z ureditvijo zunanjih povr\u0161in in prometnih navezav na obstoje\u010do prometno infrastrukturo obmo\u010dja Splo\u0161ne bolni\u0161nice Izola. Nova stavba Fakultete za vede o zdravju je razdeljena na tri dele, ki sledijo topografiji zemlji\u0161\u010da, v katerega se vra\u0161\u010dajo. Konstrukcija stavbe sledi sodobnim principom zelenega prehoda in cirkularne ekonomije.\u00a0Zasnovana je kot hibridna konstrukcija, ki zdru\u017euje jekleno skeletno konstrukcijo in lesene CLT plo\u0161\u010de na betonskem podstavku. Glavno vodilo projekta je oblikovanje za gibanje. Projekt se osredoto\u010da na spodbujanje zdravega na\u010dina \u017eivljenja, zato je prometna zasnova prilagojena pe\u0161cem in kolesarjem, medtem ko je motorni promet omejen. Zagotovljen je dostop vozil le do podzemne gara\u017ee ter do ju\u017enega vstopnega platoja v nivoju glavnega vhoda.\u00a0<\/p>","protected":false},"featured_media":281,"template":"","categories":[9],"class_list":["post-278","projekt","type-projekt","status-publish","has-post-thumbnail","hentry","category-arhitektura"],"acf":[],"_links":{"self":[{"href":"https:\/\/simonaweber.com\/en\/wp-json\/wp\/v2\/projekt\/278","targetHints":{"allow":["GET"]}}],"collection":[{"href":"https:\/\/simonaweber.com\/en\/wp-json\/wp\/v2\/projekt"}],"about":[{"href":"https:\/\/simonaweber.com\/en\/wp-json\/wp\/v2\/types\/projekt"}],"wp:featuredmedia":[{"embeddable":true,"href":"https:\/\/simonaweber.com\/en\/wp-json\/wp\/v2\/media\/281"}],"wp:attachment":[{"href":"https:\/\/simonaweber.com\/en\/wp-json\/wp\/v2\/media?parent=278"}],"wp:term":[{"taxonomy":"category","embeddable":true,"href":"https:\/\/simonaweber.com\/en\/wp-json\/wp\/v2\/categories?post=278"}],"curies":[{"name":"wp","href":"https:\/\/api.w.org\/{rel}","templated":true}]}}